{"id":3352,"date":"2025-12-06T16:23:17","date_gmt":"2025-12-06T15:23:17","guid":{"rendered":"https:\/\/grafikur.de\/develop\/netzwerk-hospizarbeit.de\/?page_id=3352"},"modified":"2026-03-11T09:48:28","modified_gmt":"2026-03-11T08:48:28","slug":"kontakt","status":"publish","type":"page","link":"https:\/\/grafikur.de\/develop\/netzwerk-hospizarbeit.de\/kontakt\/","title":{"rendered":"Kontakt"},"content":{"rendered":"\t\t<div data-elementor-type=\"wp-page\" data-elementor-id=\"3352\" class=\"elementor elementor-3352\" data-elementor-post-type=\"page\">\n\t\t\t\t<div class=\"elementor-element elementor-element-7cb544b e-flex e-con-boxed wpr-particle-no wpr-jarallax-no wpr-parallax-no wpr-sticky-section-no e-con e-parent\" data-id=\"7cb544b\" data-element_type=\"container\" data-settings=\"{&quot;background_background&quot;:&quot;classic&quot;}\">\n\t\t\t\t\t<div class=\"e-con-inner\">\n\t\t<div class=\"elementor-element elementor-element-2dd56d6 e-con-full e-flex wpr-particle-no wpr-jarallax-no wpr-parallax-no wpr-sticky-section-no e-con e-child\" data-id=\"2dd56d6\" data-element_type=\"container\" id=\"einblicke\" data-settings=\"{&quot;background_background&quot;:&quot;classic&quot;}\">\n\t\t<div class=\"elementor-element elementor-element-4f3ef07 e-con-full e-flex wpr-particle-no wpr-jarallax-no wpr-parallax-no wpr-sticky-section-no e-con e-child\" data-id=\"4f3ef07\" data-element_type=\"container\" data-settings=\"{&quot;background_background&quot;:&quot;classic&quot;}\">\n\t\t\t\t<div class=\"elementor-element elementor-element-469c804 elementor-widget elementor-widget-heading\" data-id=\"469c804\" data-element_type=\"widget\" data-widget_type=\"heading.default\">\n\t\t\t\t<div class=\"elementor-widget-container\">\n\t\t\t\t\t<h2 class=\"elementor-heading-title elementor-size-default\">Ihre Ansprechpartner:innen\n<\/h2>\t\t\t\t<\/div>\n\t\t\t\t<\/div>\n\t\t\t\t<div class=\"elementor-element elementor-element-0c5d8ba elementor-widget elementor-widget-heading\" data-id=\"0c5d8ba\" data-element_type=\"widget\" data-widget_type=\"heading.default\">\n\t\t\t\t<div class=\"elementor-widget-container\">\n\t\t\t\t\t<h5 class=\"elementor-heading-title elementor-size-default\">Wir stehen Ihnen gerne zur Seite.<\/h5>\t\t\t\t<\/div>\n\t\t\t\t<\/div>\n\t\t<div class=\"elementor-element elementor-element-8bbd7ee e-con-full e-flex wpr-particle-no wpr-jarallax-no wpr-parallax-no wpr-sticky-section-no e-con e-child\" data-id=\"8bbd7ee\" data-element_type=\"container\">\n\t\t<div class=\"elementor-element elementor-element-f6ca9c9 e-con-full kontakt_meta e-flex wpr-particle-no wpr-jarallax-no wpr-parallax-no wpr-sticky-section-no e-con e-child\" data-id=\"f6ca9c9\" data-element_type=\"container\">\n\t\t\t\t<div class=\"elementor-element elementor-element-4d1a2eb elementor-widget elementor-widget-image\" data-id=\"4d1a2eb\" data-element_type=\"widget\" data-widget_type=\"image.default\">\n\t\t\t\t<div class=\"elementor-widget-container\">\n\t\t\t\t\t\t\t\t\t\t\t\t\t\t\t<img fetchpriority=\"high\" decoding=\"async\" width=\"264\" height=\"330\" src=\"https:\/\/grafikur.de\/develop\/netzwerk-hospizarbeit.de\/wp-content\/uploads\/2026\/03\/Foto_Ralf-Litera-3037kl_2.jpg\" class=\"attachment-large size-large wp-image-4680\" alt=\"\" srcset=\"https:\/\/grafikur.de\/develop\/netzwerk-hospizarbeit.de\/wp-content\/uploads\/2026\/03\/Foto_Ralf-Litera-3037kl_2.jpg 264w, https:\/\/grafikur.de\/develop\/netzwerk-hospizarbeit.de\/wp-content\/uploads\/2026\/03\/Foto_Ralf-Litera-3037kl_2-240x300.jpg 240w\" sizes=\"(max-width: 264px) 100vw, 264px\" \/>\t\t\t\t\t\t\t\t\t\t\t\t\t\t\t<\/div>\n\t\t\t\t<\/div>\n\t\t\t\t<div class=\"elementor-element elementor-element-f93b77c elementor-widget elementor-widget-text-editor\" data-id=\"f93b77c\" data-element_type=\"widget\" data-widget_type=\"text-editor.default\">\n\t\t\t\t<div class=\"elementor-widget-container\">\n\t\t\t\t\t\t\t\t\tHannah Franzen\t\t\t\t\t\t\t\t<\/div>\n\t\t\t\t<\/div>\n\t\t\t\t<div class=\"elementor-element elementor-element-dc1477a elementor-widget elementor-widget-text-editor\" data-id=\"dc1477a\" data-element_type=\"widget\" data-widget_type=\"text-editor.default\">\n\t\t\t\t<div class=\"elementor-widget-container\">\n\t\t\t\t\t\t\t\t\t<p>Leitende Koordinatorin &amp; Trauerbegleiterin nach BVT des Netzwerk Hospizarbeit Plettenberg e.V.<br \/>Tel. 0170\u200a\/\u200a3890101<br \/>0151 \/ 41478718<\/p>\t\t\t\t\t\t\t\t<\/div>\n\t\t\t\t<\/div>\n\t\t\t\t<div class=\"elementor-element elementor-element-e3cab24 elementor-widget elementor-widget-text-editor\" data-id=\"e3cab24\" data-element_type=\"widget\" data-widget_type=\"text-editor.default\">\n\t\t\t\t<div class=\"elementor-widget-container\">\n\t\t\t\t\t\t\t\t\t<p class=\"p1\"><a href=\"mailto:koordination@netzwerk-hospizarbeit.de\"><span class=\"s1\">koordination@netzwerk-hospizarbeit.de<\/span><\/a><\/p>\t\t\t\t\t\t\t\t<\/div>\n\t\t\t\t<\/div>\n\t\t\t\t<\/div>\n\t\t<div class=\"elementor-element elementor-element-0021920 e-con-full kontakt_meta e-flex wpr-particle-no wpr-jarallax-no wpr-parallax-no wpr-sticky-section-no e-con e-child\" data-id=\"0021920\" data-element_type=\"container\">\n\t\t\t\t<div class=\"elementor-element elementor-element-e6a39a2 elementor-widget elementor-widget-image\" data-id=\"e6a39a2\" data-element_type=\"widget\" data-widget_type=\"image.default\">\n\t\t\t\t<div class=\"elementor-widget-container\">\n\t\t\t\t\t\t\t\t\t\t\t\t\t\t\t<img decoding=\"async\" width=\"264\" height=\"330\" src=\"https:\/\/grafikur.de\/develop\/netzwerk-hospizarbeit.de\/wp-content\/uploads\/2025\/12\/Home_Vanessa_Duisenberg-1.webp\" class=\"attachment-large size-large wp-image-4214\" alt=\"\" srcset=\"https:\/\/grafikur.de\/develop\/netzwerk-hospizarbeit.de\/wp-content\/uploads\/2025\/12\/Home_Vanessa_Duisenberg-1.webp 264w, https:\/\/grafikur.de\/develop\/netzwerk-hospizarbeit.de\/wp-content\/uploads\/2025\/12\/Home_Vanessa_Duisenberg-1-240x300.webp 240w\" sizes=\"(max-width: 264px) 100vw, 264px\" \/>\t\t\t\t\t\t\t\t\t\t\t\t\t\t\t<\/div>\n\t\t\t\t<\/div>\n\t\t\t\t<div class=\"elementor-element elementor-element-ee5a254 elementor-widget elementor-widget-text-editor\" data-id=\"ee5a254\" data-element_type=\"widget\" data-widget_type=\"text-editor.default\">\n\t\t\t\t<div class=\"elementor-widget-container\">\n\t\t\t\t\t\t\t\t\t<p>Vanessa Duisenberg<\/p>\t\t\t\t\t\t\t\t<\/div>\n\t\t\t\t<\/div>\n\t\t\t\t<div class=\"elementor-element elementor-element-cb23cae elementor-widget elementor-widget-text-editor\" data-id=\"cb23cae\" data-element_type=\"widget\" data-widget_type=\"text-editor.default\">\n\t\t\t\t<div class=\"elementor-widget-container\">\n\t\t\t\t\t\t\t\t\t<p>Koordinatorin<br \/>Tel. 0170\u200a\/\u200a3890101<br \/>0151 \/ 41478718<\/p>\t\t\t\t\t\t\t\t<\/div>\n\t\t\t\t<\/div>\n\t\t\t\t<div class=\"elementor-element elementor-element-b7c04f6 elementor-widget elementor-widget-text-editor\" data-id=\"b7c04f6\" data-element_type=\"widget\" data-widget_type=\"text-editor.default\">\n\t\t\t\t<div class=\"elementor-widget-container\">\n\t\t\t\t\t\t\t\t\t<p class=\"p1\"><a href=\"mailto:koordination@netzwerk-hospizarbeit.de\"><span class=\"s1\">koordination@netzwerk-hospizarbeit.de<\/span><\/a><\/p>\t\t\t\t\t\t\t\t<\/div>\n\t\t\t\t<\/div>\n\t\t\t\t<\/div>\n\t\t\t\t<\/div>\n\t\t\t\t<\/div>\n\t\t\t\t<\/div>\n\t\t\t\t\t<\/div>\n\t\t\t\t<\/div>\n\t\t<div class=\"elementor-element elementor-element-a18b7a0 e-flex e-con-boxed wpr-particle-no wpr-jarallax-no wpr-parallax-no wpr-sticky-section-no e-con e-parent\" data-id=\"a18b7a0\" data-element_type=\"container\">\n\t\t\t\t\t<div class=\"e-con-inner\">\n\t\t<div class=\"elementor-element elementor-element-91aac27 e-con-full kontakt_meta e-flex wpr-particle-no wpr-jarallax-no wpr-parallax-no wpr-sticky-section-no e-con e-child\" data-id=\"91aac27\" data-element_type=\"container\">\n\t\t\t\t<div class=\"elementor-element elementor-element-9ad55e9 elementor-widget elementor-widget-image\" data-id=\"9ad55e9\" data-element_type=\"widget\" data-widget_type=\"image.default\">\n\t\t\t\t<div class=\"elementor-widget-container\">\n\t\t\t\t\t\t\t\t\t\t\t\t\t\t\t<img decoding=\"async\" width=\"264\" height=\"330\" src=\"https:\/\/grafikur.de\/develop\/netzwerk-hospizarbeit.de\/wp-content\/uploads\/2025\/12\/Martin_Schaefer_Geschaeftsfuehrer-1.webp\" class=\"attachment-large size-large wp-image-4222\" alt=\"\" srcset=\"https:\/\/grafikur.de\/develop\/netzwerk-hospizarbeit.de\/wp-content\/uploads\/2025\/12\/Martin_Schaefer_Geschaeftsfuehrer-1.webp 264w, https:\/\/grafikur.de\/develop\/netzwerk-hospizarbeit.de\/wp-content\/uploads\/2025\/12\/Martin_Schaefer_Geschaeftsfuehrer-1-240x300.webp 240w\" sizes=\"(max-width: 264px) 100vw, 264px\" \/>\t\t\t\t\t\t\t\t\t\t\t\t\t\t\t<\/div>\n\t\t\t\t<\/div>\n\t\t\t\t<div class=\"elementor-element elementor-element-f64f75c elementor-widget elementor-widget-text-editor\" data-id=\"f64f75c\" data-element_type=\"widget\" data-widget_type=\"text-editor.default\">\n\t\t\t\t<div class=\"elementor-widget-container\">\n\t\t\t\t\t\t\t\t\tMartin Sch\u00e4fer\t\t\t\t\t\t\t\t<\/div>\n\t\t\t\t<\/div>\n\t\t\t\t<div class=\"elementor-element elementor-element-c54b8f3 elementor-widget elementor-widget-text-editor\" data-id=\"c54b8f3\" data-element_type=\"widget\" data-widget_type=\"text-editor.default\">\n\t\t\t\t<div class=\"elementor-widget-container\">\n\t\t\t\t\t\t\t\t\tGesch\u00e4ftsf\u00fchrer\t\t\t\t\t\t\t\t<\/div>\n\t\t\t\t<\/div>\n\t\t\t\t<\/div>\n\t\t<div class=\"elementor-element elementor-element-fb3f2eb e-con-full kontakt_meta e-flex wpr-particle-no wpr-jarallax-no wpr-parallax-no wpr-sticky-section-no e-con e-child\" data-id=\"fb3f2eb\" data-element_type=\"container\">\n\t\t\t\t<div class=\"elementor-element elementor-element-7db148d elementor-widget elementor-widget-image\" data-id=\"7db148d\" data-element_type=\"widget\" data-widget_type=\"image.default\">\n\t\t\t\t<div class=\"elementor-widget-container\">\n\t\t\t\t\t\t\t\t\t\t\t\t\t\t\t<img loading=\"lazy\" decoding=\"async\" width=\"612\" height=\"765\" src=\"https:\/\/grafikur.de\/develop\/netzwerk-hospizarbeit.de\/wp-content\/uploads\/2025\/12\/doris_schroeder.jpg\" class=\"attachment-large size-large wp-image-3342\" alt=\"\" srcset=\"https:\/\/grafikur.de\/develop\/netzwerk-hospizarbeit.de\/wp-content\/uploads\/2025\/12\/doris_schroeder.jpg 612w, https:\/\/grafikur.de\/develop\/netzwerk-hospizarbeit.de\/wp-content\/uploads\/2025\/12\/doris_schroeder-240x300.jpg 240w\" sizes=\"(max-width: 612px) 100vw, 612px\" \/>\t\t\t\t\t\t\t\t\t\t\t\t\t\t\t<\/div>\n\t\t\t\t<\/div>\n\t\t\t\t<div class=\"elementor-element elementor-element-d1fadd1 elementor-widget elementor-widget-text-editor\" data-id=\"d1fadd1\" data-element_type=\"widget\" data-widget_type=\"text-editor.default\">\n\t\t\t\t<div class=\"elementor-widget-container\">\n\t\t\t\t\t\t\t\t\tDoris Schr\u00f6der\t\t\t\t\t\t\t\t<\/div>\n\t\t\t\t<\/div>\n\t\t\t\t<div class=\"elementor-element elementor-element-8bf8214 elementor-widget elementor-widget-text-editor\" data-id=\"8bf8214\" data-element_type=\"widget\" data-widget_type=\"text-editor.default\">\n\t\t\t\t<div class=\"elementor-widget-container\">\n\t\t\t\t\t\t\t\t\t1. Vorsitzende\t\t\t\t\t\t\t\t<\/div>\n\t\t\t\t<\/div>\n\t\t\t\t<\/div>\n\t\t<div class=\"elementor-element elementor-element-46b772b e-con-full kontakt_meta e-flex wpr-particle-no wpr-jarallax-no wpr-parallax-no wpr-sticky-section-no e-con e-child\" data-id=\"46b772b\" data-element_type=\"container\">\n\t\t\t\t<div class=\"elementor-element elementor-element-315aaa4 elementor-widget elementor-widget-image\" data-id=\"315aaa4\" data-element_type=\"widget\" data-widget_type=\"image.default\">\n\t\t\t\t<div class=\"elementor-widget-container\">\n\t\t\t\t\t\t\t\t\t\t\t\t\t\t\t<img loading=\"lazy\" decoding=\"async\" width=\"612\" height=\"765\" src=\"https:\/\/grafikur.de\/develop\/netzwerk-hospizarbeit.de\/wp-content\/uploads\/2025\/12\/4-2.png\" class=\"attachment-large size-large wp-image-3444\" alt=\"\" srcset=\"https:\/\/grafikur.de\/develop\/netzwerk-hospizarbeit.de\/wp-content\/uploads\/2025\/12\/4-2.png 612w, https:\/\/grafikur.de\/develop\/netzwerk-hospizarbeit.de\/wp-content\/uploads\/2025\/12\/4-2-240x300.png 240w\" sizes=\"(max-width: 612px) 100vw, 612px\" \/>\t\t\t\t\t\t\t\t\t\t\t\t\t\t\t<\/div>\n\t\t\t\t<\/div>\n\t\t\t\t<div class=\"elementor-element elementor-element-bc4e1b9 elementor-widget elementor-widget-text-editor\" data-id=\"bc4e1b9\" data-element_type=\"widget\" data-widget_type=\"text-editor.default\">\n\t\t\t\t<div class=\"elementor-widget-container\">\n\t\t\t\t\t\t\t\t\tClaudia Enders\t\t\t\t\t\t\t\t<\/div>\n\t\t\t\t<\/div>\n\t\t\t\t<div class=\"elementor-element elementor-element-5a38bb7 elementor-widget elementor-widget-text-editor\" data-id=\"5a38bb7\" data-element_type=\"widget\" data-widget_type=\"text-editor.default\">\n\t\t\t\t<div class=\"elementor-widget-container\">\n\t\t\t\t\t\t\t\t\tstellvertr. Vorsitzende\t\t\t\t\t\t\t\t<\/div>\n\t\t\t\t<\/div>\n\t\t\t\t<\/div>\n\t\t<div class=\"elementor-element elementor-element-dccdb1d e-con-full kontakt_meta e-flex wpr-particle-no wpr-jarallax-no wpr-parallax-no wpr-sticky-section-no e-con e-child\" data-id=\"dccdb1d\" data-element_type=\"container\">\n\t\t\t\t<div class=\"elementor-element elementor-element-c499775 elementor-widget elementor-widget-image\" data-id=\"c499775\" data-element_type=\"widget\" data-widget_type=\"image.default\">\n\t\t\t\t<div class=\"elementor-widget-container\">\n\t\t\t\t\t\t\t\t\t\t\t\t\t\t\t<img loading=\"lazy\" decoding=\"async\" width=\"612\" height=\"765\" src=\"https:\/\/grafikur.de\/develop\/netzwerk-hospizarbeit.de\/wp-content\/uploads\/2025\/12\/vieregge-2.png\" class=\"attachment-large size-large wp-image-3446\" alt=\"\" srcset=\"https:\/\/grafikur.de\/develop\/netzwerk-hospizarbeit.de\/wp-content\/uploads\/2025\/12\/vieregge-2.png 612w, https:\/\/grafikur.de\/develop\/netzwerk-hospizarbeit.de\/wp-content\/uploads\/2025\/12\/vieregge-2-240x300.png 240w\" sizes=\"(max-width: 612px) 100vw, 612px\" \/>\t\t\t\t\t\t\t\t\t\t\t\t\t\t\t<\/div>\n\t\t\t\t<\/div>\n\t\t\t\t<div class=\"elementor-element elementor-element-9acac5a elementor-widget elementor-widget-text-editor\" data-id=\"9acac5a\" data-element_type=\"widget\" data-widget_type=\"text-editor.default\">\n\t\t\t\t<div class=\"elementor-widget-container\">\n\t\t\t\t\t\t\t\t\tDr. Sebastian Vieregge\n\t\t\t\t\t\t\t\t<\/div>\n\t\t\t\t<\/div>\n\t\t\t\t<div class=\"elementor-element elementor-element-622cf31 elementor-widget elementor-widget-text-editor\" data-id=\"622cf31\" data-element_type=\"widget\" data-widget_type=\"text-editor.default\">\n\t\t\t\t<div class=\"elementor-widget-container\">\n\t\t\t\t\t\t\t\t\tBeisitzer\t\t\t\t\t\t\t\t<\/div>\n\t\t\t\t<\/div>\n\t\t\t\t<\/div>\n\t\t\t\t\t<\/div>\n\t\t\t\t<\/div>\n\t\t<div class=\"elementor-element elementor-element-422529b e-flex e-con-boxed wpr-particle-no wpr-jarallax-no wpr-parallax-no wpr-sticky-section-no e-con e-parent\" data-id=\"422529b\" data-element_type=\"container\">\n\t\t\t\t\t<div class=\"e-con-inner\">\n\t\t<div class=\"elementor-element elementor-element-a2d48dc e-con-full kontakt_meta e-flex wpr-particle-no wpr-jarallax-no wpr-parallax-no wpr-sticky-section-no e-con e-child\" data-id=\"a2d48dc\" data-element_type=\"container\">\n\t\t\t\t<div class=\"elementor-element elementor-element-22e0394 elementor-widget elementor-widget-image\" data-id=\"22e0394\" data-element_type=\"widget\" data-widget_type=\"image.default\">\n\t\t\t\t<div class=\"elementor-widget-container\">\n\t\t\t\t\t\t\t\t\t\t\t\t\t\t\t<img loading=\"lazy\" decoding=\"async\" width=\"612\" height=\"765\" src=\"https:\/\/grafikur.de\/develop\/netzwerk-hospizarbeit.de\/wp-content\/uploads\/2025\/12\/5-2.png\" class=\"attachment-large size-large wp-image-3445\" alt=\"\" srcset=\"https:\/\/grafikur.de\/develop\/netzwerk-hospizarbeit.de\/wp-content\/uploads\/2025\/12\/5-2.png 612w, https:\/\/grafikur.de\/develop\/netzwerk-hospizarbeit.de\/wp-content\/uploads\/2025\/12\/5-2-240x300.png 240w\" sizes=\"(max-width: 612px) 100vw, 612px\" \/>\t\t\t\t\t\t\t\t\t\t\t\t\t\t\t<\/div>\n\t\t\t\t<\/div>\n\t\t\t\t<div class=\"elementor-element elementor-element-6e851c1 elementor-widget elementor-widget-text-editor\" data-id=\"6e851c1\" data-element_type=\"widget\" data-widget_type=\"text-editor.default\">\n\t\t\t\t<div class=\"elementor-widget-container\">\n\t\t\t\t\t\t\t\t\tCorinna H\u00fcsken\n\t\t\t\t\t\t\t\t<\/div>\n\t\t\t\t<\/div>\n\t\t\t\t<div class=\"elementor-element elementor-element-836b219 elementor-widget elementor-widget-text-editor\" data-id=\"836b219\" data-element_type=\"widget\" data-widget_type=\"text-editor.default\">\n\t\t\t\t<div class=\"elementor-widget-container\">\n\t\t\t\t\t\t\t\t\t<p>Beisitzerin<\/p>\t\t\t\t\t\t\t\t<\/div>\n\t\t\t\t<\/div>\n\t\t\t\t<\/div>\n\t\t<div class=\"elementor-element elementor-element-61cb609 e-con-full kontakt_meta e-flex wpr-particle-no wpr-jarallax-no wpr-parallax-no wpr-sticky-section-no e-con e-child\" data-id=\"61cb609\" data-element_type=\"container\">\n\t\t\t\t<div class=\"elementor-element elementor-element-470831a elementor-widget elementor-widget-image\" data-id=\"470831a\" data-element_type=\"widget\" data-widget_type=\"image.default\">\n\t\t\t\t<div class=\"elementor-widget-container\">\n\t\t\t\t\t\t\t\t\t\t\t\t\t\t\t<img loading=\"lazy\" decoding=\"async\" width=\"264\" height=\"330\" src=\"https:\/\/grafikur.de\/develop\/netzwerk-hospizarbeit.de\/wp-content\/uploads\/2025\/12\/Home_Hannah_Franzen_2-1.webp\" class=\"attachment-large size-large wp-image-4213\" alt=\"\" srcset=\"https:\/\/grafikur.de\/develop\/netzwerk-hospizarbeit.de\/wp-content\/uploads\/2025\/12\/Home_Hannah_Franzen_2-1.webp 264w, https:\/\/grafikur.de\/develop\/netzwerk-hospizarbeit.de\/wp-content\/uploads\/2025\/12\/Home_Hannah_Franzen_2-1-240x300.webp 240w\" sizes=\"(max-width: 264px) 100vw, 264px\" \/>\t\t\t\t\t\t\t\t\t\t\t\t\t\t\t<\/div>\n\t\t\t\t<\/div>\n\t\t\t\t<div class=\"elementor-element elementor-element-8740a63 elementor-widget elementor-widget-text-editor\" data-id=\"8740a63\" data-element_type=\"widget\" data-widget_type=\"text-editor.default\">\n\t\t\t\t<div class=\"elementor-widget-container\">\n\t\t\t\t\t\t\t\t\t<p>Hannah Franzen<\/p>\t\t\t\t\t\t\t\t<\/div>\n\t\t\t\t<\/div>\n\t\t\t\t<div class=\"elementor-element elementor-element-cf458b2 elementor-widget elementor-widget-text-editor\" data-id=\"cf458b2\" data-element_type=\"widget\" data-widget_type=\"text-editor.default\">\n\t\t\t\t<div class=\"elementor-widget-container\">\n\t\t\t\t\t\t\t\t\t<p>Beisitzerin<\/p>\t\t\t\t\t\t\t\t<\/div>\n\t\t\t\t<\/div>\n\t\t\t\t<\/div>\n\t\t<div class=\"elementor-element elementor-element-d094482 e-con-full kontakt_meta e-flex wpr-particle-no wpr-jarallax-no wpr-parallax-no wpr-sticky-section-no e-con e-child\" data-id=\"d094482\" data-element_type=\"container\">\n\t\t\t\t<div class=\"elementor-element elementor-element-407dd37 elementor-widget elementor-widget-image\" data-id=\"407dd37\" data-element_type=\"widget\" data-widget_type=\"image.default\">\n\t\t\t\t<div class=\"elementor-widget-container\">\n\t\t\t\t\t\t\t\t\t\t\t\t\t\t\t<img loading=\"lazy\" decoding=\"async\" width=\"264\" height=\"330\" src=\"https:\/\/grafikur.de\/develop\/netzwerk-hospizarbeit.de\/wp-content\/uploads\/2025\/12\/platzhalter_kontakt.webp\" class=\"attachment-large size-large wp-image-4227\" alt=\"\" srcset=\"https:\/\/grafikur.de\/develop\/netzwerk-hospizarbeit.de\/wp-content\/uploads\/2025\/12\/platzhalter_kontakt.webp 264w, https:\/\/grafikur.de\/develop\/netzwerk-hospizarbeit.de\/wp-content\/uploads\/2025\/12\/platzhalter_kontakt-240x300.webp 240w\" sizes=\"(max-width: 264px) 100vw, 264px\" \/>\t\t\t\t\t\t\t\t\t\t\t\t\t\t\t<\/div>\n\t\t\t\t<\/div>\n\t\t\t\t<div class=\"elementor-element elementor-element-75e5edf elementor-widget elementor-widget-text-editor\" data-id=\"75e5edf\" data-element_type=\"widget\" data-widget_type=\"text-editor.default\">\n\t\t\t\t<div class=\"elementor-widget-container\">\n\t\t\t\t\t\t\t\t\t<p>Claudia G\u00f6hausen<\/p>\t\t\t\t\t\t\t\t<\/div>\n\t\t\t\t<\/div>\n\t\t\t\t<div class=\"elementor-element elementor-element-b6b6cb0 elementor-widget elementor-widget-text-editor\" data-id=\"b6b6cb0\" data-element_type=\"widget\" data-widget_type=\"text-editor.default\">\n\t\t\t\t<div class=\"elementor-widget-container\">\n\t\t\t\t\t\t\t\t\t<p>Beisitzerin<\/p>\t\t\t\t\t\t\t\t<\/div>\n\t\t\t\t<\/div>\n\t\t\t\t<\/div>\n\t\t<div class=\"elementor-element elementor-element-9711cb2 e-con-full kontakt_meta e-flex wpr-particle-no wpr-jarallax-no wpr-parallax-no wpr-sticky-section-no e-con e-child\" data-id=\"9711cb2\" data-element_type=\"container\">\n\t\t\t\t<div class=\"elementor-element elementor-element-b22b452 elementor-widget elementor-widget-image\" data-id=\"b22b452\" data-element_type=\"widget\" data-widget_type=\"image.default\">\n\t\t\t\t<div class=\"elementor-widget-container\">\n\t\t\t\t\t\t\t\t\t\t\t\t\t\t\t<img loading=\"lazy\" decoding=\"async\" width=\"264\" height=\"330\" src=\"https:\/\/grafikur.de\/develop\/netzwerk-hospizarbeit.de\/wp-content\/uploads\/2025\/12\/platzhalter_kontakt.webp\" class=\"attachment-large size-large wp-image-4227\" alt=\"\" srcset=\"https:\/\/grafikur.de\/develop\/netzwerk-hospizarbeit.de\/wp-content\/uploads\/2025\/12\/platzhalter_kontakt.webp 264w, https:\/\/grafikur.de\/develop\/netzwerk-hospizarbeit.de\/wp-content\/uploads\/2025\/12\/platzhalter_kontakt-240x300.webp 240w\" sizes=\"(max-width: 264px) 100vw, 264px\" \/>\t\t\t\t\t\t\t\t\t\t\t\t\t\t\t<\/div>\n\t\t\t\t<\/div>\n\t\t\t\t<div class=\"elementor-element elementor-element-01a9cb0 elementor-widget elementor-widget-text-editor\" data-id=\"01a9cb0\" data-element_type=\"widget\" data-widget_type=\"text-editor.default\">\n\t\t\t\t<div class=\"elementor-widget-container\">\n\t\t\t\t\t\t\t\t\tFrank G\u00f6hausen\n\t\t\t\t\t\t\t\t<\/div>\n\t\t\t\t<\/div>\n\t\t\t\t<div class=\"elementor-element elementor-element-b4d4d1c elementor-widget elementor-widget-text-editor\" data-id=\"b4d4d1c\" data-element_type=\"widget\" data-widget_type=\"text-editor.default\">\n\t\t\t\t<div class=\"elementor-widget-container\">\n\t\t\t\t\t\t\t\t\tBeisitzer\t\t\t\t\t\t\t\t<\/div>\n\t\t\t\t<\/div>\n\t\t\t\t<\/div>\n\t\t\t\t\t<\/div>\n\t\t\t\t<\/div>\n\t\t\t\t<\/div>\n\t\t","protected":false},"excerpt":{"rendered":"<p>Ihre Ansprechpartner:innen Wir stehen Ihnen gerne zur Seite. Hannah Franzen Leitende Koordinatorin &amp; Trauerbegleiterin nach BVT des Netzwerk Hospizarbeit Plettenberg e.V.Tel. 0170\u200a\/\u200a38901010151 \/ 41478718 koordination@netzwerk-hospizarbeit.de Vanessa Duisenberg KoordinatorinTel. 0170\u200a\/\u200a38901010151 \/ 41478718 koordination@netzwerk-hospizarbeit.de Martin Sch\u00e4ferGesch\u00e4ftsf\u00fchrer Doris Schr\u00f6der1. Vorsitzende Claudia Endersstellvertr. Vorsitzende Dr. Sebastian Vieregge Beisitzer Corinna H\u00fcsken Beisitzerin Hannah Franzen Beisitzerin Claudia G\u00f6hausen Beisitzerin Frank G\u00f6hausen Beisitzer<\/p>\n","protected":false},"author":1,"featured_media":0,"parent":0,"menu_order":0,"comment_status":"closed","ping_status":"closed","template":"","meta":{"footnotes":""},"class_list":["post-3352","page","type-page","status-publish","hentry"],"_links":{"self":[{"href":"https:\/\/grafikur.de\/develop\/netzwerk-hospizarbeit.de\/wp-json\/wp\/v2\/pages\/3352","targetHints":{"allow":["GET"]}}],"collection":[{"href":"https:\/\/grafikur.de\/develop\/netzwerk-hospizarbeit.de\/wp-json\/wp\/v2\/pages"}],"about":[{"href":"https:\/\/grafikur.de\/develop\/netzwerk-hospizarbeit.de\/wp-json\/wp\/v2\/types\/page"}],"author":[{"embeddable":true,"href":"https:\/\/grafikur.de\/develop\/netzwerk-hospizarbeit.de\/wp-json\/wp\/v2\/users\/1"}],"replies":[{"embeddable":true,"href":"https:\/\/grafikur.de\/develop\/netzwerk-hospizarbeit.de\/wp-json\/wp\/v2\/comments?post=3352"}],"version-history":[{"count":0,"href":"https:\/\/grafikur.de\/develop\/netzwerk-hospizarbeit.de\/wp-json\/wp\/v2\/pages\/3352\/revisions"}],"wp:attachment":[{"href":"https:\/\/grafikur.de\/develop\/netzwerk-hospizarbeit.de\/wp-json\/wp\/v2\/media?parent=3352"}],"curies":[{"name":"wp","href":"https:\/\/api.w.org\/{rel}","templated":true}]}}